{"version":"1.0","provider_name":"Una y Mil Letras","provider_url":"https:\/\/unaymilletras.com\/en","author_name":"Maria Gil Robledo","author_url":"https:\/\/unaymilletras.com\/en\/author\/mariiagiil02_\/","title":"La Velada del A\u00f1o III ya est\u00e1 aqu\u00ed &#8902; Una y Mil Letras","type":"rich","width":600,"height":338,"html":"<blockquote class=\"wp-embedded-content\" data-secret=\"tRU9CZXvB9\"><a href=\"https:\/\/unaymilletras.com\/en\/la-velada-del-ano-iii-ya-esta-aqui\/\">La Velada del A\u00f1o III ya est\u00e1 aqu\u00ed<\/a><\/blockquote><iframe sandbox=\"allow-scripts\" security=\"restricted\" src=\"https:\/\/unaymilletras.com\/en\/la-velada-del-ano-iii-ya-esta-aqui\/embed\/#?secret=tRU9CZXvB9\" width=\"600\" height=\"338\" title=\"&#8220;La Velada del A\u00f1o III ya est\u00e1 aqu\u00ed&#8221; &#8212; Una y Mil Letras\" data-secret=\"tRU9CZXvB9\" frameborder=\"0\" marginwidth=\"0\" marginheight=\"0\" scrolling=\"no\" class=\"wp-embedded-content\"><\/iframe><script type=\"text\/javascript\">\n\/* <![CDATA[ *\/\n\/*! This file is auto-generated *\/\n!function(d,l){\"use strict\";l.querySelector&&d.addEventListener&&\"undefined\"!=typeof URL&&(d.wp=d.wp||{},d.wp.receiveEmbedMessage||(d.wp.receiveEmbedMessage=function(e){var t=e.data;if((t||t.secret||t.message||t.value)&&!\/[^a-zA-Z0-9]\/.test(t.secret)){for(var s,r,n,a=l.querySelectorAll('iframe[data-secret=\"'+t.secret+'\"]'),o=l.querySelectorAll('blockquote[data-secret=\"'+t.secret+'\"]'),c=new RegExp(\"^https?:$\",\"i\"),i=0;i<o.length;i++)o[i].style.display=\"none\";for(i=0;i<a.length;i++)s=a[i],e.source===s.contentWindow&&(s.removeAttribute(\"style\"),\"height\"===t.message?(1e3<(r=parseInt(t.value,10))?r=1e3:~~r<200&&(r=200),s.height=r):\"link\"===t.message&&(r=new URL(s.getAttribute(\"src\")),n=new URL(t.value),c.test(n.protocol))&&n.host===r.host&&l.activeElement===s&&(d.top.location.href=t.value))}},d.addEventListener(\"message\",d.wp.receiveEmbedMessage,!1),l.addEventListener(\"DOMContentLoaded\",function(){for(var e,t,s=l.querySelectorAll(\"iframe.wp-embedded-content\"),r=0;r<s.length;r++)(t=(e=s[r]).getAttribute(\"data-secret\"))||(t=Math.random().toString(36).substring(2,12),e.src+=\"#?secret=\"+t,e.setAttribute(\"data-secret\",t)),e.contentWindow.postMessage({message:\"ready\",secret:t},\"*\")},!1)))}(window,document);\n\/\/# sourceURL=https:\/\/unaymilletras.com\/wp-includes\/js\/wp-embed.min.js\n\/* ]]> *\/\n<\/script>","thumbnail_url":"https:\/\/unaymilletras.com\/wp-content\/uploads\/2023\/02\/image.png","thumbnail_width":1536,"thumbnail_height":1437,"description":"Ayer Ibai dio a conocer los seis combates, la fecha y el lugar en el que se celebrar\u00e1 la tercera edici\u00f3n del evento 1 de julio, Wanda Metropolitano, Madrid. M\u00e1s de 700.000 personas se reunieron ayer en el directo de Ibai para conocer cu\u00e1les ser\u00edan las personas que pelear\u00e1n en La Velada del A\u00f1o III. [&hellip;]"}