{"id":36,"date":"2020-04-07T22:48:50","date_gmt":"2020-04-07T20:48:50","guid":{"rendered":"https:\/\/unaymilletras.wordpress.com\/?page_id=36"},"modified":"2020-04-07T22:48:50","modified_gmt":"2020-04-07T20:48:50","slug":"pagina-de-inicio","status":"publish","type":"page","link":"https:\/\/unaymilletras.com\/en\/pagina-de-inicio\/","title":{"rendered":"\u00daltimas noticias"},"content":{"rendered":"<ul class=\"wp-block-latest-posts__list has-dates has-author wp-block-latest-posts\"><li><div class=\"wp-block-latest-posts__featured-image alignleft\"><a href=\"https:\/\/unaymilletras.com\/en\/blanca-vergara-presenta-tu-y-yo-el-ultimo-adelanto-de-su-primer-disco\/\" aria-label=\"Blanca Vergara presenta \u201cT\u00fa y Yo\u201d, el \u00faltimo adelanto de su primer disco\"><img fetchpriority=\"high\" decoding=\"async\" width=\"300\" height=\"197\" src=\"https:\/\/unaymilletras.com\/wp-content\/uploads\/2026\/04\/IMG_6094-300x197.jpeg\" class=\"attachment-medium size-medium wp-post-image\" alt=\"\" style=\"\" srcset=\"https:\/\/unaymilletras.com\/wp-content\/uploads\/2026\/04\/IMG_6094-300x197.jpeg 300w, https:\/\/unaymilletras.com\/wp-content\/uploads\/2026\/04\/IMG_6094-1024x673.jpeg 1024w, https:\/\/unaymilletras.com\/wp-content\/uploads\/2026\/04\/IMG_6094-768x505.jpeg 768w, https:\/\/unaymilletras.com\/wp-content\/uploads\/2026\/04\/IMG_6094-18x12.jpeg 18w, https:\/\/unaymilletras.com\/wp-content\/uploads\/2026\/04\/IMG_6094-e1777193077759.jpeg 600w\" sizes=\"(max-width: 300px) 100vw, 300px\" \/><\/a><\/div><a class=\"wp-block-latest-posts__post-title\" href=\"https:\/\/unaymilletras.com\/en\/blanca-vergara-presenta-tu-y-yo-el-ultimo-adelanto-de-su-primer-disco\/\">Blanca Vergara presenta \u201cT\u00fa y Yo\u201d, el \u00faltimo adelanto de su primer disco<\/a><div class=\"wp-block-latest-posts__post-author\">by Alba Benito<\/div><time datetime=\"2026-04-26T10:59:42+02:00\" class=\"wp-block-latest-posts__post-date\">26\/04\/2026<\/time><div class=\"wp-block-latest-posts__post-excerpt\">Blanca Vergara presenta \u201cT\u00fa y Yo\u201d, el tercer y \u00faltimo adelanto de su primer disco. La artista mallorquina contin\u00faa consolidando su lugar como una de las voces emergentes m\u00e1s destacadas del pop actual con el\u2026 <a class=\"wp-block-latest-posts__read-more\" href=\"https:\/\/unaymilletras.com\/en\/blanca-vergara-presenta-tu-y-yo-el-ultimo-adelanto-de-su-primer-disco\/\" rel=\"noopener noreferrer\">Read more<span class=\"screen-reader-text\">: Blanca Vergara presenta \u201cT\u00fa y Yo\u201d, el \u00faltimo adelanto de su primer disco<\/span><\/a><\/div><\/li>\n<li><a class=\"wp-block-latest-posts__post-title\" href=\"https:\/\/unaymilletras.com\/en\/ezio-oliva-conectamos-tanto-el-publico-y-yo-que-empiezan-a-fluir-cosas\/\">Ezio Oliva: \u00abconectamos tanto el p\u00fablico y yo que empiezan a fluir cosas\u00bb<\/a><div class=\"wp-block-latest-posts__post-author\">by Maria Gil Robledo<\/div><time datetime=\"2026-04-25T12:29:31+02:00\" class=\"wp-block-latest-posts__post-date\">25\/04\/2026<\/time><div class=\"wp-block-latest-posts__post-excerpt\">Ezio Oliva refuerza su conexi\u00f3n con Espa\u00f1a tras su paso por Madrid y su reconocimiento en los Premios Dial 2026 El artista peruano Ezio Oliva atraviesa una de las etapas m\u00e1s importantes de su carrera,\u2026 <a class=\"wp-block-latest-posts__read-more\" href=\"https:\/\/unaymilletras.com\/en\/ezio-oliva-conectamos-tanto-el-publico-y-yo-que-empiezan-a-fluir-cosas\/\" rel=\"noopener noreferrer\">Read more<span class=\"screen-reader-text\">: Ezio Oliva: \u00abconectamos tanto el p\u00fablico y yo que empiezan a fluir cosas\u00bb<\/span><\/a><\/div><\/li>\n<li><div class=\"wp-block-latest-posts__featured-image alignleft\"><a href=\"https:\/\/unaymilletras.com\/en\/trueno-nos-presenta-turr4zo\/\" aria-label=\"Trueno nos presenta TURR4ZO\"><img decoding=\"async\" width=\"300\" height=\"169\" src=\"https:\/\/unaymilletras.com\/wp-content\/uploads\/2026\/04\/d3203cb5-b234-ac80-e936-4f220728-300x169.jpg\" class=\"attachment-medium size-medium wp-post-image\" alt=\"Trueno\" style=\"\" srcset=\"https:\/\/unaymilletras.com\/wp-content\/uploads\/2026\/04\/d3203cb5-b234-ac80-e936-4f220728-300x169.jpg 300w, https:\/\/unaymilletras.com\/wp-content\/uploads\/2026\/04\/d3203cb5-b234-ac80-e936-4f220728-1024x576.jpg 1024w, https:\/\/unaymilletras.com\/wp-content\/uploads\/2026\/04\/d3203cb5-b234-ac80-e936-4f220728-768x432.jpg 768w, https:\/\/unaymilletras.com\/wp-content\/uploads\/2026\/04\/d3203cb5-b234-ac80-e936-4f220728-1536x864.jpg 1536w, https:\/\/unaymilletras.com\/wp-content\/uploads\/2026\/04\/d3203cb5-b234-ac80-e936-4f220728-2048x1152.jpg 2048w, https:\/\/unaymilletras.com\/wp-content\/uploads\/2026\/04\/d3203cb5-b234-ac80-e936-4f220728-18x10.jpg 18w, https:\/\/unaymilletras.com\/wp-content\/uploads\/2026\/04\/d3203cb5-b234-ac80-e936-4f220728-1280x720.jpg 1280w, https:\/\/unaymilletras.com\/wp-content\/uploads\/2026\/04\/d3203cb5-b234-ac80-e936-4f220728-scaled-e1777029410403.jpg 600w\" sizes=\"(max-width: 300px) 100vw, 300px\" \/><\/a><\/div><a class=\"wp-block-latest-posts__post-title\" href=\"https:\/\/unaymilletras.com\/en\/trueno-nos-presenta-turr4zo\/\">Trueno nos presenta TURR4ZO<\/a><div class=\"wp-block-latest-posts__post-author\">by Redacci\u00f3n<\/div><time datetime=\"2026-04-24T13:15:06+02:00\" class=\"wp-block-latest-posts__post-date\">24\/04\/2026<\/time><div class=\"wp-block-latest-posts__post-excerpt\">El artista argentino Trueno explora las ra\u00edces culturales del barrio y conecta pasado y presente del sonido nacional Trueno presenta TURR4ZO, su cuarto \u00e1lbum de estudio y el proyecto m\u00e1s ambicioso de su carrera. El\u2026 <a class=\"wp-block-latest-posts__read-more\" href=\"https:\/\/unaymilletras.com\/en\/trueno-nos-presenta-turr4zo\/\" rel=\"noopener noreferrer\">Read more<span class=\"screen-reader-text\">: Trueno nos presenta TURR4ZO<\/span><\/a><\/div><\/li>\n<li><div class=\"wp-block-latest-posts__featured-image alignleft\"><a href=\"https:\/\/unaymilletras.com\/en\/young-miko-se-suma-a-urban-paradise\/\" aria-label=\"Young Miko se suma a Urban Paradise\"><img decoding=\"async\" width=\"225\" height=\"300\" src=\"https:\/\/unaymilletras.com\/wp-content\/uploads\/2026\/04\/URBAN-PARADISE_COMPLETO_POST-225x300.png\" class=\"attachment-medium size-medium wp-post-image\" alt=\"Young Miko se suma a Urban Paradise\" style=\"\" srcset=\"https:\/\/unaymilletras.com\/wp-content\/uploads\/2026\/04\/URBAN-PARADISE_COMPLETO_POST-225x300.png 225w, https:\/\/unaymilletras.com\/wp-content\/uploads\/2026\/04\/URBAN-PARADISE_COMPLETO_POST-768x1024.png 768w, https:\/\/unaymilletras.com\/wp-content\/uploads\/2026\/04\/URBAN-PARADISE_COMPLETO_POST-9x12.png 9w, https:\/\/unaymilletras.com\/wp-content\/uploads\/2026\/04\/URBAN-PARADISE_COMPLETO_POST-1024x1365.png 1024w, https:\/\/unaymilletras.com\/wp-content\/uploads\/2026\/04\/URBAN-PARADISE_COMPLETO_POST-e1776942836406.png 600w\" sizes=\"(max-width: 225px) 100vw, 225px\" \/><\/a><\/div><a class=\"wp-block-latest-posts__post-title\" href=\"https:\/\/unaymilletras.com\/en\/young-miko-se-suma-a-urban-paradise\/\">Young Miko se suma a Urban Paradise<\/a><div class=\"wp-block-latest-posts__post-author\">by Redacci\u00f3n<\/div><time datetime=\"2026-04-23T13:17:56+02:00\" class=\"wp-block-latest-posts__post-date\">23\/04\/2026<\/time><div class=\"wp-block-latest-posts__post-excerpt\">Young Miko se suma a Omar Courtz, Kris R y Yan Block para completar el lineup del Urban Paradise, que ser\u00e1 el 11 de julio en Fuengirola El festival Urban Paradise sigue tomando forma y\u2026 <a class=\"wp-block-latest-posts__read-more\" href=\"https:\/\/unaymilletras.com\/en\/young-miko-se-suma-a-urban-paradise\/\" rel=\"noopener noreferrer\">Read more<span class=\"screen-reader-text\">: Young Miko se suma a Urban Paradise<\/span><\/a><\/div><\/li>\n<li><div class=\"wp-block-latest-posts__featured-image alignleft\"><a href=\"https:\/\/unaymilletras.com\/en\/david-bisbal-reinventa-vivir-asi-es-morir-de-amor\/\" aria-label=\"David Bisbal reinventa \u00abVivir as\u00ed es morir de amor\u00bb\"><img loading=\"lazy\" decoding=\"async\" width=\"300\" height=\"300\" src=\"https:\/\/unaymilletras.com\/wp-content\/uploads\/2026\/04\/w660_1547302_vaemda-300x300.jpg\" class=\"attachment-medium size-medium wp-post-image\" alt=\"David bisbal\" style=\"\" srcset=\"https:\/\/unaymilletras.com\/wp-content\/uploads\/2026\/04\/w660_1547302_vaemda-300x300.jpg 300w, https:\/\/unaymilletras.com\/wp-content\/uploads\/2026\/04\/w660_1547302_vaemda-150x150.jpg 150w, https:\/\/unaymilletras.com\/wp-content\/uploads\/2026\/04\/w660_1547302_vaemda-12x12.jpg 12w, https:\/\/unaymilletras.com\/wp-content\/uploads\/2026\/04\/w660_1547302_vaemda.jpg 660w\" sizes=\"(max-width: 300px) 100vw, 300px\" \/><\/a><\/div><a class=\"wp-block-latest-posts__post-title\" href=\"https:\/\/unaymilletras.com\/en\/david-bisbal-reinventa-vivir-asi-es-morir-de-amor\/\">David Bisbal reinventa \u00abVivir as\u00ed es morir de amor\u00bb<\/a><div class=\"wp-block-latest-posts__post-author\">by Redacci\u00f3n<\/div><time datetime=\"2026-04-22T11:58:26+02:00\" class=\"wp-block-latest-posts__post-date\">22\/04\/2026<\/time><div class=\"wp-block-latest-posts__post-excerpt\">El artista almeriense David Bisbal reinterpreta el cl\u00e1sico de Camilo Sesto como adelanto de su pr\u00f3ximo \u00e1lbum David Bisbal presenta Vivir as\u00ed es morir de amor, su nuevo single y primer adelanto de su pr\u00f3ximo\u2026 <a class=\"wp-block-latest-posts__read-more\" href=\"https:\/\/unaymilletras.com\/en\/david-bisbal-reinventa-vivir-asi-es-morir-de-amor\/\" rel=\"noopener noreferrer\">Read more<span class=\"screen-reader-text\">: David Bisbal reinventa \u00abVivir as\u00ed es morir de amor\u00bb<\/span><\/a><\/div><\/li>\n<\/ul>\n\n\n<p><\/p>","protected":false},"excerpt":{"rendered":"","protected":false},"author":1,"featured_media":0,"parent":0,"menu_order":0,"comment_status":"open","ping_status":"closed","template":"","meta":{"footnotes":""},"class_list":["post-36","page","type-page","status-publish","hentry"],"yoast_head":"<!-- This site is optimized with the Yoast SEO plugin v27.4 - https:\/\/yoast.com\/product\/yoast-seo-wordpress\/ -->\n<title>\u00daltimas noticias<\/title>\n<meta name=\"robots\" content=\"index, follow, max-snippet:-1, max-image-preview:large, max-video-preview:-1\" \/>\n<link rel=\"canonical\" href=\"https:\/\/unaymilletras.com\/en\/pagina-de-inicio\/\" \/>\n<meta property=\"og:locale\" content=\"en_GB\" \/>\n<meta property=\"og:type\" content=\"article\" \/>\n<meta property=\"og:title\" content=\"\u00daltimas noticias\" \/>\n<meta property=\"og:url\" content=\"https:\/\/unaymilletras.com\/en\/pagina-de-inicio\/\" \/>\n<meta property=\"og:site_name\" content=\"Una y Mil Letras\" \/>\n<meta property=\"og:image\" content=\"https:\/\/unaymilletras.com\/wp-content\/uploads\/2024\/06\/cropped-Logo-removebg-preview.png\" \/>\n\t<meta property=\"og:image:width\" content=\"512\" \/>\n\t<meta property=\"og:image:height\" content=\"512\" \/>\n\t<meta property=\"og:image:type\" content=\"image\/png\" \/>\n<meta name=\"twitter:card\" content=\"summary_large_image\" \/>\n<meta name=\"twitter:site\" content=\"@UnaYMilLetras\" \/>\n<script type=\"application\/ld+json\" class=\"yoast-schema-graph\">{\"@context\":\"https:\\\/\\\/schema.org\",\"@graph\":[{\"@type\":\"WebPage\",\"@id\":\"https:\\\/\\\/unaymilletras.com\\\/pagina-de-inicio\\\/\",\"url\":\"https:\\\/\\\/unaymilletras.com\\\/pagina-de-inicio\\\/\",\"name\":\"\u00daltimas noticias\",\"isPartOf\":{\"@id\":\"http:\\\/\\\/unaymilletras.com\\\/#website\"},\"datePublished\":\"2020-04-07T20:48:50+00:00\",\"breadcrumb\":{\"@id\":\"https:\\\/\\\/unaymilletras.com\\\/pagina-de-inicio\\\/#breadcrumb\"},\"inLanguage\":\"en-GB\",\"potentialAction\":[{\"@type\":\"ReadAction\",\"target\":[\"https:\\\/\\\/unaymilletras.com\\\/pagina-de-inicio\\\/\"]}]},{\"@type\":\"BreadcrumbList\",\"@id\":\"https:\\\/\\\/unaymilletras.com\\\/pagina-de-inicio\\\/#breadcrumb\",\"itemListElement\":[{\"@type\":\"ListItem\",\"position\":1,\"name\":\"Home\",\"item\":\"http:\\\/\\\/unaymilletras.com\\\/\"},{\"@type\":\"ListItem\",\"position\":2,\"name\":\"\u00daltimas noticias\"}]},{\"@type\":\"WebSite\",\"@id\":\"http:\\\/\\\/unaymilletras.com\\\/#website\",\"url\":\"http:\\\/\\\/unaymilletras.com\\\/\",\"name\":\"Una y Mil Letras\",\"description\":\"\",\"publisher\":{\"@id\":\"http:\\\/\\\/unaymilletras.com\\\/#organization\"},\"potentialAction\":[{\"@type\":\"SearchAction\",\"target\":{\"@type\":\"EntryPoint\",\"urlTemplate\":\"http:\\\/\\\/unaymilletras.com\\\/?s={search_term_string}\"},\"query-input\":{\"@type\":\"PropertyValueSpecification\",\"valueRequired\":true,\"valueName\":\"search_term_string\"}}],\"inLanguage\":\"en-GB\"},{\"@type\":\"Organization\",\"@id\":\"http:\\\/\\\/unaymilletras.com\\\/#organization\",\"name\":\"Una y Mil Letras\",\"url\":\"http:\\\/\\\/unaymilletras.com\\\/\",\"logo\":{\"@type\":\"ImageObject\",\"inLanguage\":\"en-GB\",\"@id\":\"http:\\\/\\\/unaymilletras.com\\\/#\\\/schema\\\/logo\\\/image\\\/\",\"url\":\"https:\\\/\\\/unaymilletras.com\\\/wp-content\\\/uploads\\\/2024\\\/06\\\/cropped-Logo-removebg-preview.png\",\"contentUrl\":\"https:\\\/\\\/unaymilletras.com\\\/wp-content\\\/uploads\\\/2024\\\/06\\\/cropped-Logo-removebg-preview.png\",\"width\":512,\"height\":512,\"caption\":\"Una y Mil Letras\"},\"image\":{\"@id\":\"http:\\\/\\\/unaymilletras.com\\\/#\\\/schema\\\/logo\\\/image\\\/\"},\"sameAs\":[\"https:\\\/\\\/x.com\\\/UnaYMilLetras\",\"https:\\\/\\\/instagram.com\\\/UnaYMilLetras\"]}]}<\/script>\n<!-- \/ Yoast SEO plugin. -->","yoast_head_json":{"title":"\u00daltimas noticias","robots":{"index":"index","follow":"follow","max-snippet":"max-snippet:-1","max-image-preview":"max-image-preview:large","max-video-preview":"max-video-preview:-1"},"canonical":"https:\/\/unaymilletras.com\/en\/pagina-de-inicio\/","og_locale":"en_GB","og_type":"article","og_title":"\u00daltimas noticias","og_url":"https:\/\/unaymilletras.com\/en\/pagina-de-inicio\/","og_site_name":"Una y Mil Letras","og_image":[{"width":512,"height":512,"url":"https:\/\/unaymilletras.com\/wp-content\/uploads\/2024\/06\/cropped-Logo-removebg-preview.png","type":"image\/png"}],"twitter_card":"summary_large_image","twitter_site":"@UnaYMilLetras","schema":{"@context":"https:\/\/schema.org","@graph":[{"@type":"WebPage","@id":"https:\/\/unaymilletras.com\/pagina-de-inicio\/","url":"https:\/\/unaymilletras.com\/pagina-de-inicio\/","name":"\u00daltimas noticias","isPartOf":{"@id":"http:\/\/unaymilletras.com\/#website"},"datePublished":"2020-04-07T20:48:50+00:00","breadcrumb":{"@id":"https:\/\/unaymilletras.com\/pagina-de-inicio\/#breadcrumb"},"inLanguage":"en-GB","potentialAction":[{"@type":"ReadAction","target":["https:\/\/unaymilletras.com\/pagina-de-inicio\/"]}]},{"@type":"BreadcrumbList","@id":"https:\/\/unaymilletras.com\/pagina-de-inicio\/#breadcrumb","itemListElement":[{"@type":"ListItem","position":1,"name":"Home","item":"http:\/\/unaymilletras.com\/"},{"@type":"ListItem","position":2,"name":"\u00daltimas noticias"}]},{"@type":"WebSite","@id":"http:\/\/unaymilletras.com\/#website","url":"http:\/\/unaymilletras.com\/","name":"Una y Mil Letras","description":"","publisher":{"@id":"http:\/\/unaymilletras.com\/#organization"},"potentialAction":[{"@type":"SearchAction","target":{"@type":"EntryPoint","urlTemplate":"http:\/\/unaymilletras.com\/?s={search_term_string}"},"query-input":{"@type":"PropertyValueSpecification","valueRequired":true,"valueName":"search_term_string"}}],"inLanguage":"en-GB"},{"@type":"Organization","@id":"http:\/\/unaymilletras.com\/#organization","name":"Una y Mil Letras","url":"http:\/\/unaymilletras.com\/","logo":{"@type":"ImageObject","inLanguage":"en-GB","@id":"http:\/\/unaymilletras.com\/#\/schema\/logo\/image\/","url":"https:\/\/unaymilletras.com\/wp-content\/uploads\/2024\/06\/cropped-Logo-removebg-preview.png","contentUrl":"https:\/\/unaymilletras.com\/wp-content\/uploads\/2024\/06\/cropped-Logo-removebg-preview.png","width":512,"height":512,"caption":"Una y Mil Letras"},"image":{"@id":"http:\/\/unaymilletras.com\/#\/schema\/logo\/image\/"},"sameAs":["https:\/\/x.com\/UnaYMilLetras","https:\/\/instagram.com\/UnaYMilLetras"]}]}},"_links":{"self":[{"href":"https:\/\/unaymilletras.com\/en\/wp-json\/wp\/v2\/pages\/36","targetHints":{"allow":["GET"]}}],"collection":[{"href":"https:\/\/unaymilletras.com\/en\/wp-json\/wp\/v2\/pages"}],"about":[{"href":"https:\/\/unaymilletras.com\/en\/wp-json\/wp\/v2\/types\/page"}],"author":[{"embeddable":true,"href":"https:\/\/unaymilletras.com\/en\/wp-json\/wp\/v2\/users\/1"}],"replies":[{"embeddable":true,"href":"https:\/\/unaymilletras.com\/en\/wp-json\/wp\/v2\/comments?post=36"}],"version-history":[{"count":0,"href":"https:\/\/unaymilletras.com\/en\/wp-json\/wp\/v2\/pages\/36\/revisions"}],"wp:attachment":[{"href":"https:\/\/unaymilletras.com\/en\/wp-json\/wp\/v2\/media?parent=36"}],"curies":[{"name":"wp","href":"https:\/\/api.w.org\/{rel}","templated":true}]}}